{"id":31,"date":"2025-02-16T16:29:22","date_gmt":"2025-02-16T13:29:22","guid":{"rendered":"https:\/\/salon-ela.de\/\/?page_id=31"},"modified":"2025-04-02T01:07:11","modified_gmt":"2025-04-01T22:07:11","slug":"about-us","status":"publish","type":"page","link":"https:\/\/salon-ela.de\/en\/about-us\/","title":{"rendered":"About us"},"content":{"rendered":"<p><strong>How do I make an appointment for a haircut or service?<\/strong><\/p>\n\n\n\n<p>There are various ways to book in for a haircut, a beard trim or other services. You can call, email or WhatsApp us. Our friendly team of hairdressers is always ready to answer your questions and help you choose a suitable time for your appointment.<\/p>\n\n\n\n<p><strong>Why should you choose our Ela hairdressing salon?<\/strong><\/p>\n\n\n\n<p>Our Ela hairdressing salon offers a wide range of services, from classic haircuts to beard care and unique work. We value every guest and endeavour to provide first-class service every step of the way. That's why our hairdressers are true masters of their trade and Ela's hairdressing salon is one of the best hairdressers in Dortmund.<\/p>\n\n\n\n<p><strong>Reviews from our guests<\/strong><\/p>\n\n\n\n<p>All feedback on our work is important to us. If you have already visited our hairdressing salon, we would be delighted to hear your opinion. You can leave a review on our website, send it by e-mail or share your impressions on social networks. This helps us to improve and offer our guests even better quality. Services.<\/p>","protected":false},"excerpt":{"rendered":"<p>Wie vereinbare ich einen Termin f\u00fcr einen Haarschnitt oder eine Dienstleistung? Es gibt verschiedene M\u00f6glichkeiten, sich f\u00fcr einen Haarschnitt, eine Bartpflege oder andere Dienstleistungen anzumelden. Sie k\u00f6nnen uns anrufen, eine E-Mail oder WhatsApp schreiben. Unser freundliches Friseurteam ist jederzeit bereit, Ihre Fragen zu beantworten und Ihnen bei der Auswahl eines passenden Termins f\u00fcr Ihren Termin [&hellip;]<\/p>","protected":false},"author":1,"featured_media":0,"parent":0,"menu_order":0,"comment_status":"closed","ping_status":"closed","template":"templates\/about.php","meta":{"footnotes":""},"class_list":["post-31","page","type-page","status-publish","hentry"],"acf":[],"yoast_head":"<!-- This site is optimized with the Yoast SEO plugin v26.4 - https:\/\/yoast.com\/wordpress\/plugins\/seo\/ -->\n<title>\u00dcber uns &#8211; Friseur Ela<\/title>\n<meta name=\"robots\" content=\"index, follow, max-snippet:-1, max-image-preview:large, max-video-preview:-1\" \/>\n<link rel=\"canonical\" href=\"https:\/\/salon-ela.de\/en\/about-us\/\" \/>\n<meta property=\"og:locale\" content=\"en_GB\" \/>\n<meta property=\"og:type\" content=\"article\" \/>\n<meta property=\"og:title\" content=\"\u00dcber uns &#8211; Friseur Ela\" \/>\n<meta property=\"og:description\" content=\"Wie vereinbare ich einen Termin f\u00fcr einen Haarschnitt oder eine Dienstleistung? Es gibt verschiedene M\u00f6glichkeiten, sich f\u00fcr einen Haarschnitt, eine Bartpflege oder andere Dienstleistungen anzumelden. Sie k\u00f6nnen uns anrufen, eine E-Mail oder WhatsApp schreiben. Unser freundliches Friseurteam ist jederzeit bereit, Ihre Fragen zu beantworten und Ihnen bei der Auswahl eines passenden Termins f\u00fcr Ihren Termin [&hellip;]\" \/>\n<meta property=\"og:url\" content=\"https:\/\/salon-ela.de\/en\/about-us\/\" \/>\n<meta property=\"og:site_name\" content=\"Friseur Ela\" \/>\n<meta property=\"article:publisher\" content=\"https:\/\/www.facebook.com\/profile.php?id=100066531817981\" \/>\n<meta property=\"article:modified_time\" content=\"2025-04-01T22:07:11+00:00\" \/>\n<meta name=\"twitter:card\" content=\"summary_large_image\" \/>\n<meta name=\"twitter:site\" content=\"@friseursalonela\" \/>\n<meta name=\"twitter:label1\" content=\"Estimated reading time\" \/>\n\t<meta name=\"twitter:data1\" content=\"1 minute\" \/>\n<script type=\"application\/ld+json\" class=\"yoast-schema-graph\">{\"@context\":\"https:\/\/schema.org\",\"@graph\":[{\"@type\":\"WebPage\",\"@id\":\"https:\/\/salon-ela.de\/about-us\/\",\"url\":\"https:\/\/salon-ela.de\/about-us\/\",\"name\":\"\u00dcber uns &#8211; Friseur Ela\",\"isPartOf\":{\"@id\":\"https:\/\/salon-ela.de\/uk\/#website\"},\"datePublished\":\"2025-02-16T13:29:22+00:00\",\"dateModified\":\"2025-04-01T22:07:11+00:00\",\"breadcrumb\":{\"@id\":\"https:\/\/salon-ela.de\/about-us\/#breadcrumb\"},\"inLanguage\":\"en-GB\",\"potentialAction\":[{\"@type\":\"ReadAction\",\"target\":[\"https:\/\/salon-ela.de\/about-us\/\"]}]},{\"@type\":\"BreadcrumbList\",\"@id\":\"https:\/\/salon-ela.de\/about-us\/#breadcrumb\",\"itemListElement\":[{\"@type\":\"ListItem\",\"position\":1,\"name\":\"Home\",\"item\":\"https:\/\/salon-ela.de\/uk\/\"},{\"@type\":\"ListItem\",\"position\":2,\"name\":\"\u00dcber uns\"}]},{\"@type\":\"WebSite\",\"@id\":\"https:\/\/salon-ela.de\/uk\/#website\",\"url\":\"https:\/\/salon-ela.de\/uk\/\",\"name\":\"Friseursalon Ela\",\"description\":\"Friseursalon Ela in Dortmund\",\"publisher\":{\"@id\":\"https:\/\/salon-ela.de\/uk\/#organization\"},\"potentialAction\":[{\"@type\":\"SearchAction\",\"target\":{\"@type\":\"EntryPoint\",\"urlTemplate\":\"https:\/\/salon-ela.de\/uk\/?s={search_term_string}\"},\"query-input\":{\"@type\":\"PropertyValueSpecification\",\"valueRequired\":true,\"valueName\":\"search_term_string\"}}],\"inLanguage\":\"en-GB\"},{\"@type\":\"Organization\",\"@id\":\"https:\/\/salon-ela.de\/uk\/#organization\",\"name\":\"Friseursalon Ela\",\"url\":\"https:\/\/salon-ela.de\/uk\/\",\"logo\":{\"@type\":\"ImageObject\",\"inLanguage\":\"en-GB\",\"@id\":\"https:\/\/salon-ela.de\/uk\/#\/schema\/logo\/image\/\",\"url\":\"https:\/\/salon-ela.de\/wp-content\/uploads\/2025\/02\/logoela.png\",\"contentUrl\":\"https:\/\/salon-ela.de\/wp-content\/uploads\/2025\/02\/logoela.png\",\"width\":60,\"height\":96,\"caption\":\"Friseursalon Ela\"},\"image\":{\"@id\":\"https:\/\/salon-ela.de\/uk\/#\/schema\/logo\/image\/\"},\"sameAs\":[\"https:\/\/www.facebook.com\/profile.php?id=100066531817981\",\"https:\/\/x.com\/friseursalonela\"]}]}<\/script>\n<!-- \/ Yoast SEO plugin. -->","yoast_head_json":{"title":"\u00dcber uns &#8211; Friseur Ela","robots":{"index":"index","follow":"follow","max-snippet":"max-snippet:-1","max-image-preview":"max-image-preview:large","max-video-preview":"max-video-preview:-1"},"canonical":"https:\/\/salon-ela.de\/en\/about-us\/","og_locale":"en_GB","og_type":"article","og_title":"\u00dcber uns &#8211; Friseur Ela","og_description":"Wie vereinbare ich einen Termin f\u00fcr einen Haarschnitt oder eine Dienstleistung? Es gibt verschiedene M\u00f6glichkeiten, sich f\u00fcr einen Haarschnitt, eine Bartpflege oder andere Dienstleistungen anzumelden. Sie k\u00f6nnen uns anrufen, eine E-Mail oder WhatsApp schreiben. Unser freundliches Friseurteam ist jederzeit bereit, Ihre Fragen zu beantworten und Ihnen bei der Auswahl eines passenden Termins f\u00fcr Ihren Termin [&hellip;]","og_url":"https:\/\/salon-ela.de\/en\/about-us\/","og_site_name":"Friseur Ela","article_publisher":"https:\/\/www.facebook.com\/profile.php?id=100066531817981","article_modified_time":"2025-04-01T22:07:11+00:00","twitter_card":"summary_large_image","twitter_site":"@friseursalonela","twitter_misc":{"Estimated reading time":"1 minute"},"schema":{"@context":"https:\/\/schema.org","@graph":[{"@type":"WebPage","@id":"https:\/\/salon-ela.de\/about-us\/","url":"https:\/\/salon-ela.de\/about-us\/","name":"\u00dcber uns &#8211; Friseur Ela","isPartOf":{"@id":"https:\/\/salon-ela.de\/uk\/#website"},"datePublished":"2025-02-16T13:29:22+00:00","dateModified":"2025-04-01T22:07:11+00:00","breadcrumb":{"@id":"https:\/\/salon-ela.de\/about-us\/#breadcrumb"},"inLanguage":"en-GB","potentialAction":[{"@type":"ReadAction","target":["https:\/\/salon-ela.de\/about-us\/"]}]},{"@type":"BreadcrumbList","@id":"https:\/\/salon-ela.de\/about-us\/#breadcrumb","itemListElement":[{"@type":"ListItem","position":1,"name":"Home","item":"https:\/\/salon-ela.de\/uk\/"},{"@type":"ListItem","position":2,"name":"\u00dcber uns"}]},{"@type":"WebSite","@id":"https:\/\/salon-ela.de\/uk\/#website","url":"https:\/\/salon-ela.de\/uk\/","name":"Friseursalon Ela","description":"Friseursalon Ela in Dortmund","publisher":{"@id":"https:\/\/salon-ela.de\/uk\/#organization"},"potentialAction":[{"@type":"SearchAction","target":{"@type":"EntryPoint","urlTemplate":"https:\/\/salon-ela.de\/uk\/?s={search_term_string}"},"query-input":{"@type":"PropertyValueSpecification","valueRequired":true,"valueName":"search_term_string"}}],"inLanguage":"en-GB"},{"@type":"Organization","@id":"https:\/\/salon-ela.de\/uk\/#organization","name":"Friseursalon Ela","url":"https:\/\/salon-ela.de\/uk\/","logo":{"@type":"ImageObject","inLanguage":"en-GB","@id":"https:\/\/salon-ela.de\/uk\/#\/schema\/logo\/image\/","url":"https:\/\/salon-ela.de\/wp-content\/uploads\/2025\/02\/logoela.png","contentUrl":"https:\/\/salon-ela.de\/wp-content\/uploads\/2025\/02\/logoela.png","width":60,"height":96,"caption":"Friseursalon Ela"},"image":{"@id":"https:\/\/salon-ela.de\/uk\/#\/schema\/logo\/image\/"},"sameAs":["https:\/\/www.facebook.com\/profile.php?id=100066531817981","https:\/\/x.com\/friseursalonela"]}]}},"_links":{"self":[{"href":"https:\/\/salon-ela.de\/en\/wp-json\/wp\/v2\/pages\/31","targetHints":{"allow":["GET"]}}],"collection":[{"href":"https:\/\/salon-ela.de\/en\/wp-json\/wp\/v2\/pages"}],"about":[{"href":"https:\/\/salon-ela.de\/en\/wp-json\/wp\/v2\/types\/page"}],"author":[{"embeddable":true,"href":"https:\/\/salon-ela.de\/en\/wp-json\/wp\/v2\/users\/1"}],"replies":[{"embeddable":true,"href":"https:\/\/salon-ela.de\/en\/wp-json\/wp\/v2\/comments?post=31"}],"version-history":[{"count":0,"href":"https:\/\/salon-ela.de\/en\/wp-json\/wp\/v2\/pages\/31\/revisions"}],"wp:attachment":[{"href":"https:\/\/salon-ela.de\/en\/wp-json\/wp\/v2\/media?parent=31"}],"curies":[{"name":"wp","href":"https:\/\/api.w.org\/{rel}","templated":true}]}}