{"id":31,"date":"2025-02-16T16:29:22","date_gmt":"2025-02-16T13:29:22","guid":{"rendered":"https:\/\/salon-ela.de\/\/?page_id=31"},"modified":"2025-04-02T01:07:11","modified_gmt":"2025-04-01T22:07:11","slug":"about-us","status":"publish","type":"page","link":"https:\/\/salon-ela.de\/tr\/about-us\/","title":{"rendered":"Hakk\u0131m\u0131zda"},"content":{"rendered":"<p><strong>Sa\u00e7 kesimi veya hizmet i\u00e7in nas\u0131l randevu alabilirim?<\/strong><\/p>\n\n\n\n<p>Sa\u00e7 kesimi, sakal t\u0131ra\u015f\u0131 veya di\u011fer hizmetler i\u00e7in rezervasyon yapt\u0131rman\u0131n \u00e7e\u015fitli yollar\u0131 vard\u0131r. Bizi arayabilir, e-posta g\u00f6nderebilir veya WhatsApp'tan ula\u015fabilirsiniz. G\u00fcler y\u00fczl\u00fc kuaf\u00f6r ekibimiz sorular\u0131n\u0131z\u0131 yan\u0131tlamaya ve randevunuz i\u00e7in uygun bir zaman se\u00e7menize yard\u0131mc\u0131 olmaya her zaman haz\u0131rd\u0131r.<\/p>\n\n\n\n<p><strong>Neden Ela kuaf\u00f6r salonumuzu tercih etmelisiniz?<\/strong><\/p>\n\n\n\n<p>Ela kuaf\u00f6r salonumuz, klasik sa\u00e7 kesimlerinden sakal bak\u0131m\u0131na ve benzersiz \u00e7al\u0131\u015fmalara kadar geni\u015f bir yelpazede hizmet sunmaktad\u0131r. Her misafirimize de\u011fer veriyor ve her ad\u0131mda birinci s\u0131n\u0131f hizmet sunmak i\u00e7in \u00e7al\u0131\u015f\u0131yoruz. Bu nedenle kuaf\u00f6rlerimiz i\u015flerinin ger\u00e7ek ustalar\u0131d\u0131r ve Ela kuaf\u00f6r salonu Dortmund'daki en iyi kuaf\u00f6rlerden biridir.<\/p>\n\n\n\n<p><strong>Misafirlerimizden gelen yorumlar<\/strong><\/p>\n\n\n\n<p>\u00c7al\u0131\u015fmalar\u0131m\u0131zla ilgili t\u00fcm geri bildirimler bizim i\u00e7in \u00f6nemlidir. Kuaf\u00f6r salonumuzu daha \u00f6nce ziyaret ettiyseniz, g\u00f6r\u00fc\u015flerinizi duymaktan mutluluk duyar\u0131z. Web sitemize bir yorum b\u0131rakabilir, e-posta ile g\u00f6nderebilir veya izlenimlerinizi sosyal a\u011flarda payla\u015fabilirsiniz. Bu, konuklar\u0131m\u0131za daha da iyi kalite sunmam\u0131za ve geli\u015ftirmemize yard\u0131mc\u0131 olur. Hizmetlerimiz.<\/p>","protected":false},"excerpt":{"rendered":"<p>Wie vereinbare ich einen Termin f\u00fcr einen Haarschnitt oder eine Dienstleistung? Es gibt verschiedene M\u00f6glichkeiten, sich f\u00fcr einen Haarschnitt, eine Bartpflege oder andere Dienstleistungen anzumelden. Sie k\u00f6nnen uns anrufen, eine E-Mail oder WhatsApp schreiben. Unser freundliches Friseurteam ist jederzeit bereit, Ihre Fragen zu beantworten und Ihnen bei der Auswahl eines passenden Termins f\u00fcr Ihren Termin [&hellip;]<\/p>","protected":false},"author":1,"featured_media":0,"parent":0,"menu_order":0,"comment_status":"closed","ping_status":"closed","template":"templates\/about.php","meta":{"footnotes":""},"class_list":["post-31","page","type-page","status-publish","hentry"],"acf":[],"yoast_head":"<!-- This site is optimized with the Yoast SEO plugin v26.4 - https:\/\/yoast.com\/wordpress\/plugins\/seo\/ -->\n<title>\u00dcber uns &#8211; Friseur Ela<\/title>\n<meta name=\"robots\" content=\"index, follow, max-snippet:-1, max-image-preview:large, max-video-preview:-1\" \/>\n<link rel=\"canonical\" href=\"https:\/\/salon-ela.de\/tr\/about-us\/\" \/>\n<meta property=\"og:locale\" content=\"tr_TR\" \/>\n<meta property=\"og:type\" content=\"article\" \/>\n<meta property=\"og:title\" content=\"\u00dcber uns &#8211; Friseur Ela\" \/>\n<meta property=\"og:description\" content=\"Wie vereinbare ich einen Termin f\u00fcr einen Haarschnitt oder eine Dienstleistung? Es gibt verschiedene M\u00f6glichkeiten, sich f\u00fcr einen Haarschnitt, eine Bartpflege oder andere Dienstleistungen anzumelden. Sie k\u00f6nnen uns anrufen, eine E-Mail oder WhatsApp schreiben. Unser freundliches Friseurteam ist jederzeit bereit, Ihre Fragen zu beantworten und Ihnen bei der Auswahl eines passenden Termins f\u00fcr Ihren Termin [&hellip;]\" \/>\n<meta property=\"og:url\" content=\"https:\/\/salon-ela.de\/tr\/about-us\/\" \/>\n<meta property=\"og:site_name\" content=\"Friseur Ela\" \/>\n<meta property=\"article:publisher\" content=\"https:\/\/www.facebook.com\/profile.php?id=100066531817981\" \/>\n<meta property=\"article:modified_time\" content=\"2025-04-01T22:07:11+00:00\" \/>\n<meta name=\"twitter:card\" content=\"summary_large_image\" \/>\n<meta name=\"twitter:site\" content=\"@friseursalonela\" \/>\n<meta name=\"twitter:label1\" content=\"Tahmini okuma s\u00fcresi\" \/>\n\t<meta name=\"twitter:data1\" content=\"1 dakika\" \/>\n<script type=\"application\/ld+json\" class=\"yoast-schema-graph\">{\"@context\":\"https:\/\/schema.org\",\"@graph\":[{\"@type\":\"WebPage\",\"@id\":\"https:\/\/salon-ela.de\/about-us\/\",\"url\":\"https:\/\/salon-ela.de\/about-us\/\",\"name\":\"\u00dcber uns &#8211; Friseur Ela\",\"isPartOf\":{\"@id\":\"https:\/\/salon-ela.de\/uk\/#website\"},\"datePublished\":\"2025-02-16T13:29:22+00:00\",\"dateModified\":\"2025-04-01T22:07:11+00:00\",\"breadcrumb\":{\"@id\":\"https:\/\/salon-ela.de\/about-us\/#breadcrumb\"},\"inLanguage\":\"tr\",\"potentialAction\":[{\"@type\":\"ReadAction\",\"target\":[\"https:\/\/salon-ela.de\/about-us\/\"]}]},{\"@type\":\"BreadcrumbList\",\"@id\":\"https:\/\/salon-ela.de\/about-us\/#breadcrumb\",\"itemListElement\":[{\"@type\":\"ListItem\",\"position\":1,\"name\":\"Home\",\"item\":\"https:\/\/salon-ela.de\/uk\/\"},{\"@type\":\"ListItem\",\"position\":2,\"name\":\"\u00dcber uns\"}]},{\"@type\":\"WebSite\",\"@id\":\"https:\/\/salon-ela.de\/uk\/#website\",\"url\":\"https:\/\/salon-ela.de\/uk\/\",\"name\":\"Friseursalon Ela\",\"description\":\"Friseursalon Ela in Dortmund\",\"publisher\":{\"@id\":\"https:\/\/salon-ela.de\/uk\/#organization\"},\"potentialAction\":[{\"@type\":\"SearchAction\",\"target\":{\"@type\":\"EntryPoint\",\"urlTemplate\":\"https:\/\/salon-ela.de\/uk\/?s={search_term_string}\"},\"query-input\":{\"@type\":\"PropertyValueSpecification\",\"valueRequired\":true,\"valueName\":\"search_term_string\"}}],\"inLanguage\":\"tr\"},{\"@type\":\"Organization\",\"@id\":\"https:\/\/salon-ela.de\/uk\/#organization\",\"name\":\"Friseursalon Ela\",\"url\":\"https:\/\/salon-ela.de\/uk\/\",\"logo\":{\"@type\":\"ImageObject\",\"inLanguage\":\"tr\",\"@id\":\"https:\/\/salon-ela.de\/uk\/#\/schema\/logo\/image\/\",\"url\":\"https:\/\/salon-ela.de\/wp-content\/uploads\/2025\/02\/logoela.png\",\"contentUrl\":\"https:\/\/salon-ela.de\/wp-content\/uploads\/2025\/02\/logoela.png\",\"width\":60,\"height\":96,\"caption\":\"Friseursalon Ela\"},\"image\":{\"@id\":\"https:\/\/salon-ela.de\/uk\/#\/schema\/logo\/image\/\"},\"sameAs\":[\"https:\/\/www.facebook.com\/profile.php?id=100066531817981\",\"https:\/\/x.com\/friseursalonela\"]}]}<\/script>\n<!-- \/ Yoast SEO plugin. -->","yoast_head_json":{"title":"\u00dcber uns &#8211; Friseur Ela","robots":{"index":"index","follow":"follow","max-snippet":"max-snippet:-1","max-image-preview":"max-image-preview:large","max-video-preview":"max-video-preview:-1"},"canonical":"https:\/\/salon-ela.de\/tr\/about-us\/","og_locale":"tr_TR","og_type":"article","og_title":"\u00dcber uns &#8211; Friseur Ela","og_description":"Wie vereinbare ich einen Termin f\u00fcr einen Haarschnitt oder eine Dienstleistung? Es gibt verschiedene M\u00f6glichkeiten, sich f\u00fcr einen Haarschnitt, eine Bartpflege oder andere Dienstleistungen anzumelden. Sie k\u00f6nnen uns anrufen, eine E-Mail oder WhatsApp schreiben. Unser freundliches Friseurteam ist jederzeit bereit, Ihre Fragen zu beantworten und Ihnen bei der Auswahl eines passenden Termins f\u00fcr Ihren Termin [&hellip;]","og_url":"https:\/\/salon-ela.de\/tr\/about-us\/","og_site_name":"Friseur Ela","article_publisher":"https:\/\/www.facebook.com\/profile.php?id=100066531817981","article_modified_time":"2025-04-01T22:07:11+00:00","twitter_card":"summary_large_image","twitter_site":"@friseursalonela","twitter_misc":{"Tahmini okuma s\u00fcresi":"1 dakika"},"schema":{"@context":"https:\/\/schema.org","@graph":[{"@type":"WebPage","@id":"https:\/\/salon-ela.de\/about-us\/","url":"https:\/\/salon-ela.de\/about-us\/","name":"\u00dcber uns &#8211; Friseur Ela","isPartOf":{"@id":"https:\/\/salon-ela.de\/uk\/#website"},"datePublished":"2025-02-16T13:29:22+00:00","dateModified":"2025-04-01T22:07:11+00:00","breadcrumb":{"@id":"https:\/\/salon-ela.de\/about-us\/#breadcrumb"},"inLanguage":"tr","potentialAction":[{"@type":"ReadAction","target":["https:\/\/salon-ela.de\/about-us\/"]}]},{"@type":"BreadcrumbList","@id":"https:\/\/salon-ela.de\/about-us\/#breadcrumb","itemListElement":[{"@type":"ListItem","position":1,"name":"Home","item":"https:\/\/salon-ela.de\/uk\/"},{"@type":"ListItem","position":2,"name":"\u00dcber uns"}]},{"@type":"WebSite","@id":"https:\/\/salon-ela.de\/uk\/#website","url":"https:\/\/salon-ela.de\/uk\/","name":"Friseursalon Ela","description":"Friseursalon Ela in Dortmund","publisher":{"@id":"https:\/\/salon-ela.de\/uk\/#organization"},"potentialAction":[{"@type":"SearchAction","target":{"@type":"EntryPoint","urlTemplate":"https:\/\/salon-ela.de\/uk\/?s={search_term_string}"},"query-input":{"@type":"PropertyValueSpecification","valueRequired":true,"valueName":"search_term_string"}}],"inLanguage":"tr"},{"@type":"Organization","@id":"https:\/\/salon-ela.de\/uk\/#organization","name":"Friseursalon Ela","url":"https:\/\/salon-ela.de\/uk\/","logo":{"@type":"ImageObject","inLanguage":"tr","@id":"https:\/\/salon-ela.de\/uk\/#\/schema\/logo\/image\/","url":"https:\/\/salon-ela.de\/wp-content\/uploads\/2025\/02\/logoela.png","contentUrl":"https:\/\/salon-ela.de\/wp-content\/uploads\/2025\/02\/logoela.png","width":60,"height":96,"caption":"Friseursalon Ela"},"image":{"@id":"https:\/\/salon-ela.de\/uk\/#\/schema\/logo\/image\/"},"sameAs":["https:\/\/www.facebook.com\/profile.php?id=100066531817981","https:\/\/x.com\/friseursalonela"]}]}},"_links":{"self":[{"href":"https:\/\/salon-ela.de\/tr\/wp-json\/wp\/v2\/pages\/31","targetHints":{"allow":["GET"]}}],"collection":[{"href":"https:\/\/salon-ela.de\/tr\/wp-json\/wp\/v2\/pages"}],"about":[{"href":"https:\/\/salon-ela.de\/tr\/wp-json\/wp\/v2\/types\/page"}],"author":[{"embeddable":true,"href":"https:\/\/salon-ela.de\/tr\/wp-json\/wp\/v2\/users\/1"}],"replies":[{"embeddable":true,"href":"https:\/\/salon-ela.de\/tr\/wp-json\/wp\/v2\/comments?post=31"}],"version-history":[{"count":0,"href":"https:\/\/salon-ela.de\/tr\/wp-json\/wp\/v2\/pages\/31\/revisions"}],"wp:attachment":[{"href":"https:\/\/salon-ela.de\/tr\/wp-json\/wp\/v2\/media?parent=31"}],"curies":[{"name":"wp","href":"https:\/\/api.w.org\/{rel}","templated":true}]}}