{"id":531,"date":"2025-03-22T02:04:44","date_gmt":"2025-03-21T23:04:44","guid":{"rendered":"https:\/\/salon-ela.orhandavidov.com\/?page_id=531"},"modified":"2025-03-23T13:40:30","modified_gmt":"2025-03-23T10:40:30","slug":"terms-of-use","status":"publish","type":"page","link":"https:\/\/salon-ela.de\/tr\/terms-of-use\/","title":{"rendered":"Kullan\u0131m Ko\u015fullar\u0131"},"content":{"rendered":"<p><strong>Kullan\u0131m Ko\u015fullar\u0131<\/strong><\/p>\n\n\n\n<p>Kuaf\u00f6r sitemize ho\u015f geldiniz. Bu web sitesini kullanarak a\u015fa\u011f\u0131daki kullan\u0131m ko\u015fullar\u0131n\u0131 kabul etmi\u015f olursunuz. L\u00fctfen bunlar\u0131 dikkatlice okuyunuz.<\/p>\n\n\n\n<ol class=\"wp-block-list\">\n<li><strong>Genel H\u00fck\u00fcmler<\/strong><\/li>\n<\/ol>\n\n\n\n<p>Bu web sitesi hizmetlerimiz, fiyatlar\u0131m\u0131z ve tekliflerimiz hakk\u0131nda bilgi sa\u011flamay\u0131 ama\u00e7lamaktad\u0131r. \u0130\u00e7eri\u011fin tamam\u0131 ba\u011flay\u0131c\u0131 de\u011fildir ve istenildi\u011fi zaman de\u011fi\u015ftirilebilir veya g\u00fcncellenebilir.<\/p>\n\n\n\n<ol start=\"2\" class=\"wp-block-list\">\n<li><strong>Randevu al<\/strong><\/li>\n<\/ol>\n\n\n\n<p>Online randevu almak m\u00fcmk\u00fcnd\u00fcr, ancak yaz\u0131l\u0131 veya telefonla teyit edildikten sonra ba\u011flay\u0131c\u0131d\u0131r. Rezervasyonun gelmemesi veya son dakika iptali durumunda iptal \u00fccreti alma hakk\u0131m\u0131z\u0131 sakl\u0131 tutuyoruz.<\/p>\n\n\n\n<ol start=\"3\" class=\"wp-block-list\">\n<li><strong>Fiyatlar ve \u00f6deme ko\u015fullar\u0131<\/strong><\/li>\n<\/ol>\n\n\n\n<p>Web sitesinde belirtilen t\u00fcm fiyatlara KDV dahildir. Fiyatlar de\u011fi\u015fikli\u011fe tabidir. \u00d6deme salonumuza do\u011frudan yap\u0131l\u0131r ve nakit veya yayg\u0131n \u00f6deme y\u00f6ntemleriyle yap\u0131labilir.<\/p>\n\n\n\n<ol start=\"4\" class=\"wp-block-list\">\n<li><strong>Sorumluluk reddi beyan\u0131<\/strong><\/li>\n<\/ol>\n\n\n\n<p>Bu web sitesinin veya hizmetlerimizin kullan\u0131m\u0131ndan kaynaklanan herhangi bir zarardan sorumlu de\u011filiz. Harici ba\u011flant\u0131lar\u0131n i\u00e7eri\u011finden de sorumlu de\u011filiz.<\/p>\n\n\n\n<ol start=\"5\" class=\"wp-block-list\">\n<li><strong>Veri koruma<\/strong><\/li>\n<\/ol>\n\n\n\n<p>Ki\u015fisel verilerinizi gizli tutuyoruz ve yasal veri koruma d\u00fczenlemelerine uygun \u015fekilde i\u015fliyoruz. Daha detayl\u0131 bilgi i\u00e7in l\u00fctfen gizlilik politikam\u0131z\u0131 inceleyin.<\/p>\n\n\n\n<ol start=\"6\" class=\"wp-block-list\">\n<li><strong>Nihai h\u00fck\u00fcmler<\/strong><\/li>\n<\/ol>\n\n\n\n<p>Bu Kullan\u0131m Ko\u015fullar\u0131'n\u0131n bireysel h\u00fck\u00fcmleri ge\u00e7ersiz olursa veya ge\u00e7ersiz hale gelirse, kalan h\u00fck\u00fcmlerin ge\u00e7erlili\u011fi bundan etkilenmeyecektir. Almanya Federal Cumhuriyeti kanunlar\u0131 uygulan\u0131r.<\/p>\n\n\n\n<p>Herhangi bir sorunuz veya yorumunuz varsa l\u00fctfen bizimle ileti\u015fime ge\u00e7mekten \u00e7ekinmeyin.<\/p>\n\n\n\n<p>G\u00fcveniniz i\u00e7in te\u015fekk\u00fcr ederiz!<\/p>","protected":false},"excerpt":{"rendered":"<p>Nutzungsbedingungen Willkommen auf der Website unseres Friseursalons. Durch die Nutzung dieser Website erkl\u00e4ren Sie sich mit den folgenden Nutzungsbedingungen einverstanden. Bitte lesen Sie diese sorgf\u00e4ltig durch. Diese Website dient der Bereitstellung von Informationen \u00fcber unsere Dienstleistungen, Preise und Angebote. Alle Inhalte sind unverbindlich und k\u00f6nnen jederzeit ge\u00e4ndert oder aktualisiert werden. Online-Terminbuchungen sind m\u00f6glich, jedoch erst [&hellip;]<\/p>","protected":false},"author":1,"featured_media":0,"parent":0,"menu_order":0,"comment_status":"closed","ping_status":"closed","template":"templates\/terms-of-use.php","meta":{"footnotes":""},"class_list":["post-531","page","type-page","status-publish","hentry"],"acf":[],"yoast_head":"<!-- This site is optimized with the Yoast SEO plugin v26.4 - https:\/\/yoast.com\/wordpress\/plugins\/seo\/ -->\n<title>Nutzungsbedingungen &#8211; Friseur Ela<\/title>\n<meta name=\"robots\" content=\"index, follow, max-snippet:-1, max-image-preview:large, max-video-preview:-1\" \/>\n<link rel=\"canonical\" href=\"https:\/\/salon-ela.de\/tr\/terms-of-use\/\" \/>\n<meta property=\"og:locale\" content=\"tr_TR\" \/>\n<meta property=\"og:type\" content=\"article\" \/>\n<meta property=\"og:title\" content=\"Nutzungsbedingungen &#8211; Friseur Ela\" \/>\n<meta property=\"og:description\" content=\"Nutzungsbedingungen Willkommen auf der Website unseres Friseursalons. Durch die Nutzung dieser Website erkl\u00e4ren Sie sich mit den folgenden Nutzungsbedingungen einverstanden. Bitte lesen Sie diese sorgf\u00e4ltig durch. Diese Website dient der Bereitstellung von Informationen \u00fcber unsere Dienstleistungen, Preise und Angebote. Alle Inhalte sind unverbindlich und k\u00f6nnen jederzeit ge\u00e4ndert oder aktualisiert werden. Online-Terminbuchungen sind m\u00f6glich, jedoch erst [&hellip;]\" \/>\n<meta property=\"og:url\" content=\"https:\/\/salon-ela.de\/tr\/terms-of-use\/\" \/>\n<meta property=\"og:site_name\" content=\"Friseur Ela\" \/>\n<meta property=\"article:publisher\" content=\"https:\/\/www.facebook.com\/profile.php?id=100066531817981\" \/>\n<meta property=\"article:modified_time\" content=\"2025-03-23T10:40:30+00:00\" \/>\n<meta name=\"twitter:card\" content=\"summary_large_image\" \/>\n<meta name=\"twitter:site\" content=\"@friseursalonela\" \/>\n<meta name=\"twitter:label1\" content=\"Tahmini okuma s\u00fcresi\" \/>\n\t<meta name=\"twitter:data1\" content=\"1 dakika\" \/>\n<script type=\"application\/ld+json\" class=\"yoast-schema-graph\">{\"@context\":\"https:\/\/schema.org\",\"@graph\":[{\"@type\":\"WebPage\",\"@id\":\"https:\/\/salon-ela.de\/terms-of-use\/\",\"url\":\"https:\/\/salon-ela.de\/terms-of-use\/\",\"name\":\"Nutzungsbedingungen &#8211; Friseur Ela\",\"isPartOf\":{\"@id\":\"https:\/\/salon-ela.de\/uk\/#website\"},\"datePublished\":\"2025-03-21T23:04:44+00:00\",\"dateModified\":\"2025-03-23T10:40:30+00:00\",\"breadcrumb\":{\"@id\":\"https:\/\/salon-ela.de\/terms-of-use\/#breadcrumb\"},\"inLanguage\":\"tr\",\"potentialAction\":[{\"@type\":\"ReadAction\",\"target\":[\"https:\/\/salon-ela.de\/terms-of-use\/\"]}]},{\"@type\":\"BreadcrumbList\",\"@id\":\"https:\/\/salon-ela.de\/terms-of-use\/#breadcrumb\",\"itemListElement\":[{\"@type\":\"ListItem\",\"position\":1,\"name\":\"Home\",\"item\":\"https:\/\/salon-ela.de\/uk\/\"},{\"@type\":\"ListItem\",\"position\":2,\"name\":\"Nutzungsbedingungen\"}]},{\"@type\":\"WebSite\",\"@id\":\"https:\/\/salon-ela.de\/uk\/#website\",\"url\":\"https:\/\/salon-ela.de\/uk\/\",\"name\":\"Friseursalon Ela\",\"description\":\"Friseursalon Ela in Dortmund\",\"publisher\":{\"@id\":\"https:\/\/salon-ela.de\/uk\/#organization\"},\"potentialAction\":[{\"@type\":\"SearchAction\",\"target\":{\"@type\":\"EntryPoint\",\"urlTemplate\":\"https:\/\/salon-ela.de\/uk\/?s={search_term_string}\"},\"query-input\":{\"@type\":\"PropertyValueSpecification\",\"valueRequired\":true,\"valueName\":\"search_term_string\"}}],\"inLanguage\":\"tr\"},{\"@type\":\"Organization\",\"@id\":\"https:\/\/salon-ela.de\/uk\/#organization\",\"name\":\"Friseursalon Ela\",\"url\":\"https:\/\/salon-ela.de\/uk\/\",\"logo\":{\"@type\":\"ImageObject\",\"inLanguage\":\"tr\",\"@id\":\"https:\/\/salon-ela.de\/uk\/#\/schema\/logo\/image\/\",\"url\":\"https:\/\/salon-ela.de\/wp-content\/uploads\/2025\/02\/logoela.png\",\"contentUrl\":\"https:\/\/salon-ela.de\/wp-content\/uploads\/2025\/02\/logoela.png\",\"width\":60,\"height\":96,\"caption\":\"Friseursalon Ela\"},\"image\":{\"@id\":\"https:\/\/salon-ela.de\/uk\/#\/schema\/logo\/image\/\"},\"sameAs\":[\"https:\/\/www.facebook.com\/profile.php?id=100066531817981\",\"https:\/\/x.com\/friseursalonela\"]}]}<\/script>\n<!-- \/ Yoast SEO plugin. -->","yoast_head_json":{"title":"Nutzungsbedingungen &#8211; Friseur Ela","robots":{"index":"index","follow":"follow","max-snippet":"max-snippet:-1","max-image-preview":"max-image-preview:large","max-video-preview":"max-video-preview:-1"},"canonical":"https:\/\/salon-ela.de\/tr\/terms-of-use\/","og_locale":"tr_TR","og_type":"article","og_title":"Nutzungsbedingungen &#8211; Friseur Ela","og_description":"Nutzungsbedingungen Willkommen auf der Website unseres Friseursalons. Durch die Nutzung dieser Website erkl\u00e4ren Sie sich mit den folgenden Nutzungsbedingungen einverstanden. Bitte lesen Sie diese sorgf\u00e4ltig durch. Diese Website dient der Bereitstellung von Informationen \u00fcber unsere Dienstleistungen, Preise und Angebote. Alle Inhalte sind unverbindlich und k\u00f6nnen jederzeit ge\u00e4ndert oder aktualisiert werden. Online-Terminbuchungen sind m\u00f6glich, jedoch erst [&hellip;]","og_url":"https:\/\/salon-ela.de\/tr\/terms-of-use\/","og_site_name":"Friseur Ela","article_publisher":"https:\/\/www.facebook.com\/profile.php?id=100066531817981","article_modified_time":"2025-03-23T10:40:30+00:00","twitter_card":"summary_large_image","twitter_site":"@friseursalonela","twitter_misc":{"Tahmini okuma s\u00fcresi":"1 dakika"},"schema":{"@context":"https:\/\/schema.org","@graph":[{"@type":"WebPage","@id":"https:\/\/salon-ela.de\/terms-of-use\/","url":"https:\/\/salon-ela.de\/terms-of-use\/","name":"Nutzungsbedingungen &#8211; Friseur Ela","isPartOf":{"@id":"https:\/\/salon-ela.de\/uk\/#website"},"datePublished":"2025-03-21T23:04:44+00:00","dateModified":"2025-03-23T10:40:30+00:00","breadcrumb":{"@id":"https:\/\/salon-ela.de\/terms-of-use\/#breadcrumb"},"inLanguage":"tr","potentialAction":[{"@type":"ReadAction","target":["https:\/\/salon-ela.de\/terms-of-use\/"]}]},{"@type":"BreadcrumbList","@id":"https:\/\/salon-ela.de\/terms-of-use\/#breadcrumb","itemListElement":[{"@type":"ListItem","position":1,"name":"Home","item":"https:\/\/salon-ela.de\/uk\/"},{"@type":"ListItem","position":2,"name":"Nutzungsbedingungen"}]},{"@type":"WebSite","@id":"https:\/\/salon-ela.de\/uk\/#website","url":"https:\/\/salon-ela.de\/uk\/","name":"Friseursalon Ela","description":"Friseursalon Ela in Dortmund","publisher":{"@id":"https:\/\/salon-ela.de\/uk\/#organization"},"potentialAction":[{"@type":"SearchAction","target":{"@type":"EntryPoint","urlTemplate":"https:\/\/salon-ela.de\/uk\/?s={search_term_string}"},"query-input":{"@type":"PropertyValueSpecification","valueRequired":true,"valueName":"search_term_string"}}],"inLanguage":"tr"},{"@type":"Organization","@id":"https:\/\/salon-ela.de\/uk\/#organization","name":"Friseursalon Ela","url":"https:\/\/salon-ela.de\/uk\/","logo":{"@type":"ImageObject","inLanguage":"tr","@id":"https:\/\/salon-ela.de\/uk\/#\/schema\/logo\/image\/","url":"https:\/\/salon-ela.de\/wp-content\/uploads\/2025\/02\/logoela.png","contentUrl":"https:\/\/salon-ela.de\/wp-content\/uploads\/2025\/02\/logoela.png","width":60,"height":96,"caption":"Friseursalon Ela"},"image":{"@id":"https:\/\/salon-ela.de\/uk\/#\/schema\/logo\/image\/"},"sameAs":["https:\/\/www.facebook.com\/profile.php?id=100066531817981","https:\/\/x.com\/friseursalonela"]}]}},"_links":{"self":[{"href":"https:\/\/salon-ela.de\/tr\/wp-json\/wp\/v2\/pages\/531","targetHints":{"allow":["GET"]}}],"collection":[{"href":"https:\/\/salon-ela.de\/tr\/wp-json\/wp\/v2\/pages"}],"about":[{"href":"https:\/\/salon-ela.de\/tr\/wp-json\/wp\/v2\/types\/page"}],"author":[{"embeddable":true,"href":"https:\/\/salon-ela.de\/tr\/wp-json\/wp\/v2\/users\/1"}],"replies":[{"embeddable":true,"href":"https:\/\/salon-ela.de\/tr\/wp-json\/wp\/v2\/comments?post=531"}],"version-history":[{"count":0,"href":"https:\/\/salon-ela.de\/tr\/wp-json\/wp\/v2\/pages\/531\/revisions"}],"wp:attachment":[{"href":"https:\/\/salon-ela.de\/tr\/wp-json\/wp\/v2\/media?parent=531"}],"curies":[{"name":"wp","href":"https:\/\/api.w.org\/{rel}","templated":true}]}}